{"id":11130,"date":"2020-10-28T16:18:00","date_gmt":"2020-10-28T15:18:00","guid":{"rendered":"https:\/\/tierschutz.com\/?post_type=exhibit&#038;p=11130"},"modified":"2023-10-09T16:44:28","modified_gmt":"2023-10-09T14:44:28","slug":"reptiles-expo","status":"publish","type":"exhibit","link":"https:\/\/mail.schweizer-tierschutz.ch\/fr\/exhibit\/reptiles-expo\/","title":{"rendered":"Reptiles Expo"},"content":{"rendered":"\n<div class=\"wp-block-cover alignfull is-light\"><span aria-hidden=\"true\" class=\"wp-block-cover__background has-black-background-color has-background-dim-20 has-background-dim\"><\/span><img loading=\"lazy\" decoding=\"async\" width=\"1395\" height=\"1069\" src=\"https:\/\/mail.schweizer-tierschutz.ch\/app\/uploads\/2023\/10\/Reptiles-Expo.jpg\" class=\"wp-block-cover__image-background wp-post-image\" alt=\"\" data-object-fit=\"cover\" data-object-position=\"56% 76%\" style=\"object-position:56% 76%;\" srcset=\"https:\/\/mail.schweizer-tierschutz.ch\/app\/uploads\/2023\/10\/Reptiles-Expo.jpg 1395w, https:\/\/mail.schweizer-tierschutz.ch\/app\/uploads\/2023\/10\/Reptiles-Expo-300x230.jpg 300w, https:\/\/mail.schweizer-tierschutz.ch\/app\/uploads\/2023\/10\/Reptiles-Expo-1024x785.jpg 1024w, https:\/\/mail.schweizer-tierschutz.ch\/app\/uploads\/2023\/10\/Reptiles-Expo-768x589.jpg 768w\" sizes=\"auto, (max-width: 1395px) 100vw, 1395px\" \/><div class=\"wp-block-cover__inner-container is-layout-flow wp-block-cover-is-layout-flow\">\n<h2 class=\"wp-block-heading has-text-align-center has-background-color has-text-color\"><strong><strong>Reptiles Expo<\/strong> <\/strong><\/h2>\n<\/div><\/div>\n\n\n\n<div class=\"wp-block-group alignfull has-background-background-color has-background is-layout-constrained wp-block-group-is-layout-constrained\">\n<h1 class=\"wp-block-heading has-text-align-left\"><strong><strong><strong>Reptiles Expo, Fribourg FR<\/strong><\/strong><\/strong><\/h1>\n\n\n\n<hr class=\"wp-block-separator has-text-color has-primary-color has-alpha-channel-opacity has-primary-background-color has-background\"\/>\n\n\n\n<div class=\"wp-block-group is-content-justification-left is-layout-constrained wp-container-core-group-is-layout-0237ec3c wp-block-group-is-layout-constrained\">\n<div class=\"wp-block-group is-content-justification-space-between is-nowrap is-layout-flex wp-container-core-group-is-layout-cb46ffcb wp-block-group-is-layout-flex\">\n<p><mark style=\"background-color:rgba(0, 0, 0, 0)\" class=\"has-inline-color has-secondary-color\"><strong>Du 19 septembre 2020 au 6 d\u00e9cembre 2020, visit\u00e9e le 28 octobre 2020<\/strong><\/mark><\/p>\n\n\n<div class=\"taxonomy-category has-text-color has-secondary-color has-background has-background-background-color wp-block-post-terms\"><\/div><\/div>\n\n\n\n<p><em>La d\u00e9tention des animaux \u00e0 Reptiles Expo a laiss\u00e9 une impression mitig\u00e9e. D\u2019une part, la plupart<\/em> <em>des enclos \u00e9taient conformes \u00e0 la loi et l\u2019am\u00e9nagement des enclos des serpents et des invert\u00e9br\u00e9s<\/em> <em>en particulier a \u00e9t\u00e9 salu\u00e9 positivement dans une large mesure, car proche des conditions naturelles<\/em> <em>et vari\u00e9.<\/em><\/p>\n\n\n\n<p><em>D\u2019autre part malheureusement, il y avait aussi de petits enclos et terrariums qui n\u2019\u00e9taient pas<\/em> <em>am\u00e9nag\u00e9s pour r\u00e9pondre aux besoins des animaux, ou d\u2019autres qui ne satisfaisaient pas ou \u00e0 peineaux exigences l\u00e9gales. Si la qualit\u00e9 de l\u2019\u00e9clairage s\u2019est am\u00e9lior\u00e9e par rapport aux expositions pr\u00e9c\u00e9dentes,<\/em> <em>la lumi\u00e8re UV faisait encore d\u00e9faut la plupart du temps, les intensit\u00e9s d\u2019\u00e9clairage \u00e9taient<\/em> <em>souvent trop faibles ou les appareils d\u2019\u00e9clairage n\u2019\u00e9taient pas prot\u00e9g\u00e9s et pr\u00e9sentaient donc un<\/em> <em>risque de br\u00fblures pour les animaux. Ces d\u00e9fauts ont non seulement eu des r\u00e9percussions n\u00e9gatives<\/em> <em>sur le bien-\u00eatre des animaux, mais ont aussi repr\u00e9sent\u00e9 une occasion manqu\u00e9e. En terrariophilie,<\/em> <em>les d\u00e9ficiences au niveau de l\u2019\u00e9clairage ne sont pas rares et les organisateurs auraient donc pu faire<\/em> <em>preuve ici d\u2019exemplarit\u00e9 et pr\u00e9senter des conditions respectueuses des animaux avec des terrariums<\/em> <em>mod\u00e8les.<\/em><\/p>\n\n\n\n<p><em>La pr\u00e9sence d\u2019infractions patentes \u00e0 la protection des animaux (la tortue serpentine, p. ex.) \u00e9tait<\/em> <em>inconcevable. Ces formes de d\u00e9tention devraient \u00eatre constat\u00e9es, sanctionn\u00e9es par l\u2019autorit\u00e9 habilit\u00e9e<\/em> <em>\u00e0 d\u00e9livrer des autorisations et imm\u00e9diatement corrig\u00e9es ou retir\u00e9es de l\u2019exposition par l\u2019organisateur.<\/em> <em>La PSA r\u00e9affirme ici son offre de soutien technique aux organisateurs et aux organismes<\/em> <em>d\u00e9livrant des autorisations en ce qui concerne les formes de d\u00e9tention adapt\u00e9es aux besoins des<\/em> <em>animaux d\u2019exposition.<\/em><\/p>\n\n\n\n<h3 class=\"wp-block-heading\"><strong><em>Demandes de la PSA<\/em><\/strong><\/h3>\n\n\n\n<ul class=\"wp-block-list\">\n<li><em>Toutes les installations doivent imp\u00e9rativement satisfaire au moins aux directives de l\u2019OPAn.<\/em><\/li>\n\n\n\n<li><em>L\u2019am\u00e9nagement des installations doit largement r\u00e9pondre aux besoins des animaux. L\u2019exposant<\/em> <em>a ici un r\u00f4le d\u2019exemplarit\u00e9 important et ne doit montrer que des terrariums dont l\u2019am\u00e9nagement<\/em> <em>est exemplaire.<\/em><\/li>\n\n\n\n<li><em>L\u2019\u00e9clairage doit \u00eatre adapt\u00e9 aux besoins des diff\u00e9rentes esp\u00e8ces (notamment l\u2019intensit\u00e9 de<\/em> <em>l\u2019\u00e9clairage, la lumi\u00e8re UV).<\/em><\/li>\n<\/ul>\n<\/div>\n\n\n\n<div class=\"wp-block-group is-layout-flex wp-block-group-is-layout-flex\"><div class=\"wp-block-file-wrapper is-pdf\" data-filetype=\"PDF\" data-size=\"856 Ko\">\n<div class=\"wp-block-file\"><a id=\"wp-block-file--media-226fc227-0509-4823-8a63-bd91327ee532\" href=\"https:\/\/tierschutz.com\/app\/uploads\/2023\/10\/Reptilien_Fribourg_fr.pdf\">Rapport Reptiles Expo<\/a><a href=\"https:\/\/tierschutz.com\/app\/uploads\/2023\/10\/Reptilien_Fribourg_fr.pdf\" class=\"wp-block-file__button wp-element-button\" download aria-describedby=\"wp-block-file--media-226fc227-0509-4823-8a63-bd91327ee532\">T\u00e9l\u00e9charger<\/a><\/div>\n<\/div><\/div>\n<\/div>\n","protected":false},"excerpt":{"rendered":"<p>La d\u00e9tention des animaux \u00e0 Reptiles Expo a laiss\u00e9 une impression mitig\u00e9e. D\u2019une part, la plupart des enclos \u00e9taient conformes \u00e0 la loi et l\u2019am\u00e9nagement des enclos des serpents et des invert\u00e9br\u00e9s en particulier a \u00e9t\u00e9 salu\u00e9 positivement dans une large mesure, car proche des conditions naturelles et vari\u00e9.<\/p>\n","protected":false},"featured_media":11121,"template":"","meta":{"_acf_changed":false,"inline_featured_image":false,"_vp_format_video_url":"","_vp_image_focal_point":[],"footnotes":""},"exhibit-category":[134],"exhibit-tag":[],"class_list":["post-11130","exhibit","type-exhibit","status-publish","has-post-thumbnail","hentry","exhibit-category-expositions-animales"],"acf":[],"yoast_head":"<!-- This site is optimized with the Yoast SEO Premium plugin v27.4 (Yoast SEO v27.4) - https:\/\/yoast.com\/product\/yoast-seo-premium-wordpress\/ -->\n<title>Expositions animales Reptiles Expo - Schweizer Tierschutz STS<\/title>\n<meta name=\"description\" content=\"Der Schweizer Tierschutz STS setzt sich f\u00fcr transparente Berichte und Reports ein. Erfahren Sie hier mehr.\" \/>\n<meta name=\"robots\" content=\"index, follow, max-snippet:-1, max-image-preview:large, max-video-preview:-1\" \/>\n<link rel=\"canonical\" href=\"https:\/\/mail.schweizer-tierschutz.ch\/fr\/exhibit\/reptiles-expo\/\" \/>\n<meta property=\"og:locale\" content=\"fr_FR\" \/>\n<meta property=\"og:type\" content=\"article\" \/>\n<meta property=\"og:title\" content=\"Reptiles Expo\" \/>\n<meta property=\"og:description\" content=\"Der Schweizer Tierschutz STS setzt sich f\u00fcr transparente Berichte und Reports ein. Erfahren Sie hier mehr.\" \/>\n<meta property=\"og:url\" content=\"https:\/\/mail.schweizer-tierschutz.ch\/fr\/exhibit\/reptiles-expo\/\" \/>\n<meta property=\"og:site_name\" content=\"Protection Suisse des Animaux PSA\" \/>\n<meta property=\"article:publisher\" content=\"https:\/\/www.facebook.com\/schweizertierschutz\/\" \/>\n<meta property=\"article:modified_time\" content=\"2023-10-09T14:44:28+00:00\" \/>\n<meta property=\"og:image\" content=\"https:\/\/sts-psa.ch\/app\/uploads\/2023\/10\/Reptiles-Expo.jpg\" \/>\n\t<meta property=\"og:image:width\" content=\"1395\" \/>\n\t<meta property=\"og:image:height\" content=\"1069\" \/>\n\t<meta property=\"og:image:type\" content=\"image\/jpeg\" \/>\n<meta name=\"twitter:card\" content=\"summary_large_image\" \/>\n<meta name=\"twitter:label1\" content=\"Dur\u00e9e de lecture estim\u00e9e\" \/>\n\t<meta name=\"twitter:data1\" content=\"2 minutes\" \/>\n<script type=\"application\/ld+json\" class=\"yoast-schema-graph\">{\"@context\":\"https:\\\/\\\/schema.org\",\"@graph\":[{\"@type\":\"WebPage\",\"@id\":\"https:\\\/\\\/mail.schweizer-tierschutz.ch\\\/fr\\\/exhibit\\\/reptiles-expo\\\/\",\"url\":\"https:\\\/\\\/mail.schweizer-tierschutz.ch\\\/fr\\\/exhibit\\\/reptiles-expo\\\/\",\"name\":\"Expositions animales Reptiles Expo - Schweizer Tierschutz STS\",\"isPartOf\":{\"@id\":\"https:\\\/\\\/tierschutz.com\\\/it\\\/#website\"},\"primaryImageOfPage\":{\"@id\":\"https:\\\/\\\/mail.schweizer-tierschutz.ch\\\/fr\\\/exhibit\\\/reptiles-expo\\\/#primaryimage\"},\"image\":{\"@id\":\"https:\\\/\\\/mail.schweizer-tierschutz.ch\\\/fr\\\/exhibit\\\/reptiles-expo\\\/#primaryimage\"},\"thumbnailUrl\":\"https:\\\/\\\/mail.schweizer-tierschutz.ch\\\/app\\\/uploads\\\/2023\\\/10\\\/Reptiles-Expo.jpg\",\"datePublished\":\"2020-10-28T15:18:00+00:00\",\"dateModified\":\"2023-10-09T14:44:28+00:00\",\"description\":\"Der Schweizer Tierschutz STS setzt sich f\u00fcr transparente Berichte und Reports ein. Erfahren Sie hier mehr.\",\"breadcrumb\":{\"@id\":\"https:\\\/\\\/mail.schweizer-tierschutz.ch\\\/fr\\\/exhibit\\\/reptiles-expo\\\/#breadcrumb\"},\"inLanguage\":\"fr-FR\",\"potentialAction\":[{\"@type\":\"ReadAction\",\"target\":[\"https:\\\/\\\/mail.schweizer-tierschutz.ch\\\/fr\\\/exhibit\\\/reptiles-expo\\\/\"]}]},{\"@type\":\"ImageObject\",\"inLanguage\":\"fr-FR\",\"@id\":\"https:\\\/\\\/mail.schweizer-tierschutz.ch\\\/fr\\\/exhibit\\\/reptiles-expo\\\/#primaryimage\",\"url\":\"https:\\\/\\\/mail.schweizer-tierschutz.ch\\\/app\\\/uploads\\\/2023\\\/10\\\/Reptiles-Expo.jpg\",\"contentUrl\":\"https:\\\/\\\/mail.schweizer-tierschutz.ch\\\/app\\\/uploads\\\/2023\\\/10\\\/Reptiles-Expo.jpg\",\"width\":1395,\"height\":1069},{\"@type\":\"BreadcrumbList\",\"@id\":\"https:\\\/\\\/mail.schweizer-tierschutz.ch\\\/fr\\\/exhibit\\\/reptiles-expo\\\/#breadcrumb\",\"itemListElement\":[{\"@type\":\"ListItem\",\"position\":1,\"name\":\"Page d\u2019accueil\",\"item\":\"https:\\\/\\\/mail.swiss-animal-protection.ch\\\/fr\\\/\"},{\"@type\":\"ListItem\",\"position\":2,\"name\":\"Berichte\",\"item\":\"https:\\\/\\\/mail.schweizer-tierschutz.ch\\\/fr\\\/exhibit\\\/\"},{\"@type\":\"ListItem\",\"position\":3,\"name\":\"Reptiles Expo\"}]},{\"@type\":\"WebSite\",\"@id\":\"https:\\\/\\\/tierschutz.com\\\/it\\\/#website\",\"url\":\"https:\\\/\\\/tierschutz.com\\\/it\\\/\",\"name\":\"tierschutz.com\",\"description\":\"Wir setzen uns f\u00fcr das Wohl der Tiere ein.\",\"publisher\":{\"@id\":\"https:\\\/\\\/tierschutz.com\\\/it\\\/#organization\"},\"alternateName\":\"Schweizer Tierschutz STS\",\"potentialAction\":[{\"@type\":\"SearchAction\",\"target\":{\"@type\":\"EntryPoint\",\"urlTemplate\":\"https:\\\/\\\/tierschutz.com\\\/it\\\/?s={search_term_string}\"},\"query-input\":{\"@type\":\"PropertyValueSpecification\",\"valueRequired\":true,\"valueName\":\"search_term_string\"}}],\"inLanguage\":\"fr-FR\"},{\"@type\":\"Organization\",\"@id\":\"https:\\\/\\\/tierschutz.com\\\/it\\\/#organization\",\"name\":\"Schweizer Tierschutz STS\",\"alternateName\":\"STS\",\"url\":\"https:\\\/\\\/tierschutz.com\\\/it\\\/\",\"logo\":{\"@type\":\"ImageObject\",\"inLanguage\":\"fr-FR\",\"@id\":\"https:\\\/\\\/tierschutz.com\\\/it\\\/#\\\/schema\\\/logo\\\/image\\\/\",\"url\":\"https:\\\/\\\/mail.schweizer-tierschutz.ch\\\/app\\\/uploads\\\/2024\\\/04\\\/logo-schweizer-tierschutz-sts-1.svg\",\"contentUrl\":\"https:\\\/\\\/mail.schweizer-tierschutz.ch\\\/app\\\/uploads\\\/2024\\\/04\\\/logo-schweizer-tierschutz-sts-1.svg\",\"caption\":\"Schweizer Tierschutz STS\"},\"image\":{\"@id\":\"https:\\\/\\\/tierschutz.com\\\/it\\\/#\\\/schema\\\/logo\\\/image\\\/\"},\"sameAs\":[\"https:\\\/\\\/www.facebook.com\\\/schweizertierschutz\\\/\",\"https:\\\/\\\/www.instagram.com\\\/schweizertierschutzsts\\\/\",\"https:\\\/\\\/www.youtube.com\\\/@STS_Tierschutz\",\"https:\\\/\\\/www.linkedin.com\\\/company\\\/schweizertierschutzsts\\\/\"],\"description\":\"Der Schweizer Tierschutz STS ist der Dachverband von 71 Tierschutzorganisationen in allen Sprachregionen der Schweiz und in Liechtenstein. Seine Mitarbeitenden leisten wissenschaftlich fundierte Grundlagenarbeit, setzen sich mit Projekten und Aktionen f\u00fcr den Schutz und das Wohlbefinden von Heim-, Wild-, Nutz- und Versuchstieren ein und sensibilisieren die \u00d6ffentlichkeit f\u00fcr Tierschutzthemen.\",\"email\":\"sts@tierschutz.com\",\"telephone\":\"061 365 99 99\",\"legalName\":\"Schweizer Tierschutz STS\"}]}<\/script>\n<!-- \/ Yoast SEO Premium plugin. -->","yoast_head_json":{"title":"Expositions animales Reptiles Expo - Schweizer Tierschutz STS","description":"Der Schweizer Tierschutz STS setzt sich f\u00fcr transparente Berichte und Reports ein. Erfahren Sie hier mehr.","robots":{"index":"index","follow":"follow","max-snippet":"max-snippet:-1","max-image-preview":"max-image-preview:large","max-video-preview":"max-video-preview:-1"},"canonical":"https:\/\/mail.schweizer-tierschutz.ch\/fr\/exhibit\/reptiles-expo\/","og_locale":"fr_FR","og_type":"article","og_title":"Reptiles Expo","og_description":"Der Schweizer Tierschutz STS setzt sich f\u00fcr transparente Berichte und Reports ein. Erfahren Sie hier mehr.","og_url":"https:\/\/mail.schweizer-tierschutz.ch\/fr\/exhibit\/reptiles-expo\/","og_site_name":"Protection Suisse des Animaux PSA","article_publisher":"https:\/\/www.facebook.com\/schweizertierschutz\/","article_modified_time":"2023-10-09T14:44:28+00:00","og_image":[{"width":1395,"height":1069,"url":"https:\/\/sts-psa.ch\/app\/uploads\/2023\/10\/Reptiles-Expo.jpg","type":"image\/jpeg"}],"twitter_card":"summary_large_image","twitter_misc":{"Dur\u00e9e de lecture estim\u00e9e":"2 minutes"},"schema":{"@context":"https:\/\/schema.org","@graph":[{"@type":"WebPage","@id":"https:\/\/mail.schweizer-tierschutz.ch\/fr\/exhibit\/reptiles-expo\/","url":"https:\/\/mail.schweizer-tierschutz.ch\/fr\/exhibit\/reptiles-expo\/","name":"Expositions animales Reptiles Expo - Schweizer Tierschutz STS","isPartOf":{"@id":"https:\/\/tierschutz.com\/it\/#website"},"primaryImageOfPage":{"@id":"https:\/\/mail.schweizer-tierschutz.ch\/fr\/exhibit\/reptiles-expo\/#primaryimage"},"image":{"@id":"https:\/\/mail.schweizer-tierschutz.ch\/fr\/exhibit\/reptiles-expo\/#primaryimage"},"thumbnailUrl":"https:\/\/mail.schweizer-tierschutz.ch\/app\/uploads\/2023\/10\/Reptiles-Expo.jpg","datePublished":"2020-10-28T15:18:00+00:00","dateModified":"2023-10-09T14:44:28+00:00","description":"Der Schweizer Tierschutz STS setzt sich f\u00fcr transparente Berichte und Reports ein. Erfahren Sie hier mehr.","breadcrumb":{"@id":"https:\/\/mail.schweizer-tierschutz.ch\/fr\/exhibit\/reptiles-expo\/#breadcrumb"},"inLanguage":"fr-FR","potentialAction":[{"@type":"ReadAction","target":["https:\/\/mail.schweizer-tierschutz.ch\/fr\/exhibit\/reptiles-expo\/"]}]},{"@type":"ImageObject","inLanguage":"fr-FR","@id":"https:\/\/mail.schweizer-tierschutz.ch\/fr\/exhibit\/reptiles-expo\/#primaryimage","url":"https:\/\/mail.schweizer-tierschutz.ch\/app\/uploads\/2023\/10\/Reptiles-Expo.jpg","contentUrl":"https:\/\/mail.schweizer-tierschutz.ch\/app\/uploads\/2023\/10\/Reptiles-Expo.jpg","width":1395,"height":1069},{"@type":"BreadcrumbList","@id":"https:\/\/mail.schweizer-tierschutz.ch\/fr\/exhibit\/reptiles-expo\/#breadcrumb","itemListElement":[{"@type":"ListItem","position":1,"name":"Page d\u2019accueil","item":"https:\/\/mail.swiss-animal-protection.ch\/fr\/"},{"@type":"ListItem","position":2,"name":"Berichte","item":"https:\/\/mail.schweizer-tierschutz.ch\/fr\/exhibit\/"},{"@type":"ListItem","position":3,"name":"Reptiles Expo"}]},{"@type":"WebSite","@id":"https:\/\/tierschutz.com\/it\/#website","url":"https:\/\/tierschutz.com\/it\/","name":"tierschutz.com","description":"Wir setzen uns f\u00fcr das Wohl der Tiere ein.","publisher":{"@id":"https:\/\/tierschutz.com\/it\/#organization"},"alternateName":"Schweizer Tierschutz STS","potentialAction":[{"@type":"SearchAction","target":{"@type":"EntryPoint","urlTemplate":"https:\/\/tierschutz.com\/it\/?s={search_term_string}"},"query-input":{"@type":"PropertyValueSpecification","valueRequired":true,"valueName":"search_term_string"}}],"inLanguage":"fr-FR"},{"@type":"Organization","@id":"https:\/\/tierschutz.com\/it\/#organization","name":"Schweizer Tierschutz STS","alternateName":"STS","url":"https:\/\/tierschutz.com\/it\/","logo":{"@type":"ImageObject","inLanguage":"fr-FR","@id":"https:\/\/tierschutz.com\/it\/#\/schema\/logo\/image\/","url":"https:\/\/mail.schweizer-tierschutz.ch\/app\/uploads\/2024\/04\/logo-schweizer-tierschutz-sts-1.svg","contentUrl":"https:\/\/mail.schweizer-tierschutz.ch\/app\/uploads\/2024\/04\/logo-schweizer-tierschutz-sts-1.svg","caption":"Schweizer Tierschutz STS"},"image":{"@id":"https:\/\/tierschutz.com\/it\/#\/schema\/logo\/image\/"},"sameAs":["https:\/\/www.facebook.com\/schweizertierschutz\/","https:\/\/www.instagram.com\/schweizertierschutzsts\/","https:\/\/www.youtube.com\/@STS_Tierschutz","https:\/\/www.linkedin.com\/company\/schweizertierschutzsts\/"],"description":"Der Schweizer Tierschutz STS ist der Dachverband von 71 Tierschutzorganisationen in allen Sprachregionen der Schweiz und in Liechtenstein. Seine Mitarbeitenden leisten wissenschaftlich fundierte Grundlagenarbeit, setzen sich mit Projekten und Aktionen f\u00fcr den Schutz und das Wohlbefinden von Heim-, Wild-, Nutz- und Versuchstieren ein und sensibilisieren die \u00d6ffentlichkeit f\u00fcr Tierschutzthemen.","email":"sts@tierschutz.com","telephone":"061 365 99 99","legalName":"Schweizer Tierschutz STS"}]}},"_links":{"self":[{"href":"https:\/\/mail.schweizer-tierschutz.ch\/fr\/wp-json\/wp\/v2\/exhibit\/11130","targetHints":{"allow":["GET"]}}],"collection":[{"href":"https:\/\/mail.schweizer-tierschutz.ch\/fr\/wp-json\/wp\/v2\/exhibit"}],"about":[{"href":"https:\/\/mail.schweizer-tierschutz.ch\/fr\/wp-json\/wp\/v2\/types\/exhibit"}],"version-history":[{"count":3,"href":"https:\/\/mail.schweizer-tierschutz.ch\/fr\/wp-json\/wp\/v2\/exhibit\/11130\/revisions"}],"predecessor-version":[{"id":11137,"href":"https:\/\/mail.schweizer-tierschutz.ch\/fr\/wp-json\/wp\/v2\/exhibit\/11130\/revisions\/11137"}],"wp:featuredmedia":[{"embeddable":true,"href":"https:\/\/mail.schweizer-tierschutz.ch\/fr\/wp-json\/wp\/v2\/media\/11121"}],"wp:attachment":[{"href":"https:\/\/mail.schweizer-tierschutz.ch\/fr\/wp-json\/wp\/v2\/media?parent=11130"}],"wp:term":[{"taxonomy":"exhibit-category","embeddable":true,"href":"https:\/\/mail.schweizer-tierschutz.ch\/fr\/wp-json\/wp\/v2\/exhibit-category?post=11130"},{"taxonomy":"exhibit-tag","embeddable":true,"href":"https:\/\/mail.schweizer-tierschutz.ch\/fr\/wp-json\/wp\/v2\/exhibit-tag?post=11130"}],"curies":[{"name":"wp","href":"https:\/\/api.w.org\/{rel}","templated":true}]}}