{"id":11151,"date":"2020-09-24T16:48:00","date_gmt":"2020-09-24T14:48:00","guid":{"rendered":"https:\/\/tierschutz.com\/?post_type=exhibit&#038;p=11151"},"modified":"2023-10-09T17:09:32","modified_gmt":"2023-10-09T15:09:32","slug":"le-monde-fascinant-des-animaux","status":"publish","type":"exhibit","link":"https:\/\/mail.schweizer-tierschutz.ch\/fr\/exhibit\/le-monde-fascinant-des-animaux\/","title":{"rendered":"Le monde fascinant des animaux"},"content":{"rendered":"\n<div class=\"wp-block-cover alignfull\"><span aria-hidden=\"true\" class=\"wp-block-cover__background has-black-background-color has-background-dim-20 has-background-dim\"><\/span><img loading=\"lazy\" decoding=\"async\" width=\"979\" height=\"804\" src=\"https:\/\/mail.schweizer-tierschutz.ch\/app\/uploads\/2023\/10\/Faszinierende-Tierwelt.jpg\" class=\"wp-block-cover__image-background wp-post-image\" alt=\"\" data-object-fit=\"cover\" data-object-position=\"58% 29%\" style=\"object-position:58% 29%;\" srcset=\"https:\/\/mail.schweizer-tierschutz.ch\/app\/uploads\/2023\/10\/Faszinierende-Tierwelt.jpg 979w, https:\/\/mail.schweizer-tierschutz.ch\/app\/uploads\/2023\/10\/Faszinierende-Tierwelt-300x246.jpg 300w, https:\/\/mail.schweizer-tierschutz.ch\/app\/uploads\/2023\/10\/Faszinierende-Tierwelt-768x631.jpg 768w\" sizes=\"auto, (max-width: 979px) 100vw, 979px\" \/><div class=\"wp-block-cover__inner-container is-layout-flow wp-block-cover-is-layout-flow\">\n<h2 class=\"wp-block-heading has-text-align-center has-background-color has-text-color\"><strong>Le monde fascinant des animaux<\/strong><\/h2>\n<\/div><\/div>\n\n\n\n<div class=\"wp-block-group alignfull has-background-background-color has-background is-layout-constrained wp-block-group-is-layout-constrained\">\n<h1 class=\"wp-block-heading has-text-align-left\"><strong>\u00abPetites merveilles \u00e9quatoriales\u00bb, B\u00e2le<\/strong><\/h1>\n\n\n\n<hr class=\"wp-block-separator has-text-color has-primary-color has-alpha-channel-opacity has-primary-background-color has-background\"\/>\n\n\n\n<div class=\"wp-block-group is-content-justification-left is-layout-constrained wp-container-core-group-is-layout-0237ec3c wp-block-group-is-layout-constrained\">\n<div class=\"wp-block-group is-content-justification-space-between is-nowrap is-layout-flex wp-container-core-group-is-layout-cb46ffcb wp-block-group-is-layout-flex\">\n<p><mark style=\"background-color:rgba(0, 0, 0, 0)\" class=\"has-inline-color has-secondary-color\"><strong>7 f\u00e9vrier au 26 septembre 2020, visite du 24 septembre 2020<\/strong><\/mark><\/p>\n\n\n<div class=\"taxonomy-category has-text-color has-secondary-color has-background has-background-background-color wp-block-post-terms\"><\/div><\/div>\n\n\n\n<p>Les conditions de d\u00e9tention et l\u2019am\u00e9nagement des terrariums ont fait une bonne impression g\u00e9n\u00e9rale.<\/p>\n\n\n\n<p>La critique principale porte sur le fait qu\u2019il s\u2019agit d\u2019une exposition itin\u00e9rante qui induit souvent des g\u00eanes suppl\u00e9mentaires pour les animaux expos\u00e9s. L\u2019organisateur a toutefois inform\u00e9 la PSA que les animaux n\u2019ont pas \u00e9t\u00e9 transport\u00e9s dans des conteneurs de transport exigus, mais sont rest\u00e9s dans les terrariums directement charg\u00e9s dans le v\u00e9hicule de transport chauff\u00e9 \u00e0 l\u2019aide d\u2019un palettiseur. Les op\u00e9rateurs de l\u2019exposition disposent \u00e9galement d\u2019un grand nombre d\u2019animaux, ce qui permet d\u2019alterner les animaux expos\u00e9s et d\u2019accorder syst\u00e9matiquement des p\u00e9riodes de repos suffisamment longues \u00e0 ceux qui ne le sont pas. Il faut \u00e9videmment prendre en compte \u00e0 tout moment des restrictions particuli\u00e8res pour cause de maladies, mues, gestations, p\u00e9riodes d\u2019hibernation et autres. Pour la PSA, il est clair que la qualit\u00e9 de la d\u00e9tention de tous les animaux d\u00e9tenus par un organisateur d\u2019exposition doit r\u00e9pondre \u00e0 des normes \u00e9lev\u00e9es, mais pas uniquement pour les animaux expos\u00e9s. Les animaux non expos\u00e9s doivent \u00e9galement \u00eatre d\u00e9tenus dans des terrariums bien structur\u00e9s, respectant leurs besoins et spacieux.<\/p>\n\n\n\n<h3 class=\"wp-block-heading\"><strong>Demandes de la PSA<\/strong><\/h3>\n\n\n\n<p>Toutes les formes de d\u00e9tention dans le cadre d\u2019une exposition publique devraient faire preuve d\u2019\u00abexemplarit\u00e9\u00bb et aller bien au-del\u00e0 des exigences de l\u2019ordonnance sur la protection des animaux. L\u2019objectif \u00e9tant notamment que les d\u00e9tenteurs d\u2019animaux puissent prendre exemple sur les excellentes conditions de d\u00e9tention pr\u00e9sent\u00e9es \u00e0 l\u2019exposition pour les reproduire \u00e0 la maison.<\/p>\n<\/div>\n\n\n\n<div class=\"wp-block-group is-layout-flex wp-block-group-is-layout-flex\"><div class=\"wp-block-file-wrapper is-pdf\" data-filetype=\"PDF\" data-size=\"184 Ko\">\n<div class=\"wp-block-file\"><a id=\"wp-block-file--media-226fc227-0509-4823-8a63-bd91327ee532\" href=\"https:\/\/tierschutz.com\/app\/uploads\/2023\/10\/Tierwelt_Basel_fr.pdf\">Rapport Le monde fascinant des animaux<\/a><a href=\"https:\/\/tierschutz.com\/app\/uploads\/2023\/10\/Tierwelt_Basel_fr.pdf\" class=\"wp-block-file__button wp-element-button\" download aria-describedby=\"wp-block-file--media-226fc227-0509-4823-8a63-bd91327ee532\">Herunterladen<\/a><\/div>\n<\/div><\/div>\n<\/div>\n","protected":false},"excerpt":{"rendered":"<p>Les conditions de d\u00e9tention et l\u2019am\u00e9nagement des terrariums ont fait une bonne impression g\u00e9n\u00e9rale. La critique principale porte sur le fait qu\u2019il s\u2019agit d\u2019une exposition itin\u00e9rante qui induit souvent des g\u00eanes suppl\u00e9mentaires pour les animaux expos\u00e9s.<\/p>\n","protected":false},"featured_media":11141,"template":"","meta":{"_acf_changed":false,"inline_featured_image":false,"_vp_format_video_url":"","_vp_image_focal_point":[],"footnotes":""},"exhibit-category":[134],"exhibit-tag":[],"class_list":["post-11151","exhibit","type-exhibit","status-publish","has-post-thumbnail","hentry","exhibit-category-expositions-animales"],"acf":[],"yoast_head":"<!-- This site is optimized with the Yoast SEO Premium plugin v27.4 (Yoast SEO v27.4) - https:\/\/yoast.com\/product\/yoast-seo-premium-wordpress\/ -->\n<title>Expositions animales Le monde fascinant des animaux - Schweizer Tierschutz STS<\/title>\n<meta name=\"description\" content=\"Der Schweizer Tierschutz STS setzt sich f\u00fcr transparente Berichte und Reports ein. Erfahren Sie hier mehr.\" \/>\n<meta name=\"robots\" content=\"index, follow, max-snippet:-1, max-image-preview:large, max-video-preview:-1\" \/>\n<link rel=\"canonical\" href=\"https:\/\/mail.schweizer-tierschutz.ch\/fr\/exhibit\/le-monde-fascinant-des-animaux\/\" \/>\n<meta property=\"og:locale\" content=\"fr_FR\" \/>\n<meta property=\"og:type\" content=\"article\" \/>\n<meta property=\"og:title\" content=\"Le monde fascinant des animaux\" \/>\n<meta property=\"og:description\" content=\"Der Schweizer Tierschutz STS setzt sich f\u00fcr transparente Berichte und Reports ein. Erfahren Sie hier mehr.\" \/>\n<meta property=\"og:url\" content=\"https:\/\/mail.schweizer-tierschutz.ch\/fr\/exhibit\/le-monde-fascinant-des-animaux\/\" \/>\n<meta property=\"og:site_name\" content=\"Protection Suisse des Animaux PSA\" \/>\n<meta property=\"article:publisher\" content=\"https:\/\/www.facebook.com\/schweizertierschutz\/\" \/>\n<meta property=\"article:modified_time\" content=\"2023-10-09T15:09:32+00:00\" \/>\n<meta property=\"og:image\" content=\"https:\/\/mail.schweizertierschutz.ch\/app\/uploads\/2023\/10\/Faszinierende-Tierwelt.jpg\" \/>\n\t<meta property=\"og:image:width\" content=\"979\" \/>\n\t<meta property=\"og:image:height\" content=\"804\" \/>\n\t<meta property=\"og:image:type\" content=\"image\/jpeg\" \/>\n<meta name=\"twitter:card\" content=\"summary_large_image\" \/>\n<meta name=\"twitter:label1\" content=\"Dur\u00e9e de lecture estim\u00e9e\" \/>\n\t<meta name=\"twitter:data1\" content=\"2 minutes\" \/>\n<script type=\"application\/ld+json\" class=\"yoast-schema-graph\">{\"@context\":\"https:\\\/\\\/schema.org\",\"@graph\":[{\"@type\":\"WebPage\",\"@id\":\"https:\\\/\\\/mail.schweizer-tierschutz.ch\\\/fr\\\/exhibit\\\/le-monde-fascinant-des-animaux\\\/\",\"url\":\"https:\\\/\\\/mail.schweizer-tierschutz.ch\\\/fr\\\/exhibit\\\/le-monde-fascinant-des-animaux\\\/\",\"name\":\"Expositions animales Le monde fascinant des animaux - Schweizer Tierschutz STS\",\"isPartOf\":{\"@id\":\"https:\\\/\\\/tierschutz.com\\\/it\\\/#website\"},\"primaryImageOfPage\":{\"@id\":\"https:\\\/\\\/mail.schweizer-tierschutz.ch\\\/fr\\\/exhibit\\\/le-monde-fascinant-des-animaux\\\/#primaryimage\"},\"image\":{\"@id\":\"https:\\\/\\\/mail.schweizer-tierschutz.ch\\\/fr\\\/exhibit\\\/le-monde-fascinant-des-animaux\\\/#primaryimage\"},\"thumbnailUrl\":\"https:\\\/\\\/mail.schweizer-tierschutz.ch\\\/app\\\/uploads\\\/2023\\\/10\\\/Faszinierende-Tierwelt.jpg\",\"datePublished\":\"2020-09-24T14:48:00+00:00\",\"dateModified\":\"2023-10-09T15:09:32+00:00\",\"description\":\"Der Schweizer Tierschutz STS setzt sich f\u00fcr transparente Berichte und Reports ein. Erfahren Sie hier mehr.\",\"breadcrumb\":{\"@id\":\"https:\\\/\\\/mail.schweizer-tierschutz.ch\\\/fr\\\/exhibit\\\/le-monde-fascinant-des-animaux\\\/#breadcrumb\"},\"inLanguage\":\"fr-FR\",\"potentialAction\":[{\"@type\":\"ReadAction\",\"target\":[\"https:\\\/\\\/mail.schweizer-tierschutz.ch\\\/fr\\\/exhibit\\\/le-monde-fascinant-des-animaux\\\/\"]}]},{\"@type\":\"ImageObject\",\"inLanguage\":\"fr-FR\",\"@id\":\"https:\\\/\\\/mail.schweizer-tierschutz.ch\\\/fr\\\/exhibit\\\/le-monde-fascinant-des-animaux\\\/#primaryimage\",\"url\":\"https:\\\/\\\/mail.schweizer-tierschutz.ch\\\/app\\\/uploads\\\/2023\\\/10\\\/Faszinierende-Tierwelt.jpg\",\"contentUrl\":\"https:\\\/\\\/mail.schweizer-tierschutz.ch\\\/app\\\/uploads\\\/2023\\\/10\\\/Faszinierende-Tierwelt.jpg\",\"width\":979,\"height\":804},{\"@type\":\"BreadcrumbList\",\"@id\":\"https:\\\/\\\/mail.schweizer-tierschutz.ch\\\/fr\\\/exhibit\\\/le-monde-fascinant-des-animaux\\\/#breadcrumb\",\"itemListElement\":[{\"@type\":\"ListItem\",\"position\":1,\"name\":\"Page d\u2019accueil\",\"item\":\"https:\\\/\\\/mail.swiss-animal-protection.ch\\\/fr\\\/\"},{\"@type\":\"ListItem\",\"position\":2,\"name\":\"Berichte\",\"item\":\"https:\\\/\\\/mail.schweizer-tierschutz.ch\\\/fr\\\/exhibit\\\/\"},{\"@type\":\"ListItem\",\"position\":3,\"name\":\"Le monde fascinant des animaux\"}]},{\"@type\":\"WebSite\",\"@id\":\"https:\\\/\\\/tierschutz.com\\\/it\\\/#website\",\"url\":\"https:\\\/\\\/tierschutz.com\\\/it\\\/\",\"name\":\"tierschutz.com\",\"description\":\"Wir setzen uns f\u00fcr das Wohl der Tiere ein.\",\"publisher\":{\"@id\":\"https:\\\/\\\/tierschutz.com\\\/it\\\/#organization\"},\"alternateName\":\"Schweizer Tierschutz STS\",\"potentialAction\":[{\"@type\":\"SearchAction\",\"target\":{\"@type\":\"EntryPoint\",\"urlTemplate\":\"https:\\\/\\\/tierschutz.com\\\/it\\\/?s={search_term_string}\"},\"query-input\":{\"@type\":\"PropertyValueSpecification\",\"valueRequired\":true,\"valueName\":\"search_term_string\"}}],\"inLanguage\":\"fr-FR\"},{\"@type\":\"Organization\",\"@id\":\"https:\\\/\\\/tierschutz.com\\\/it\\\/#organization\",\"name\":\"Schweizer Tierschutz STS\",\"alternateName\":\"STS\",\"url\":\"https:\\\/\\\/tierschutz.com\\\/it\\\/\",\"logo\":{\"@type\":\"ImageObject\",\"inLanguage\":\"fr-FR\",\"@id\":\"https:\\\/\\\/tierschutz.com\\\/it\\\/#\\\/schema\\\/logo\\\/image\\\/\",\"url\":\"https:\\\/\\\/mail.schweizer-tierschutz.ch\\\/app\\\/uploads\\\/2024\\\/04\\\/logo-schweizer-tierschutz-sts-1.svg\",\"contentUrl\":\"https:\\\/\\\/mail.schweizer-tierschutz.ch\\\/app\\\/uploads\\\/2024\\\/04\\\/logo-schweizer-tierschutz-sts-1.svg\",\"caption\":\"Schweizer Tierschutz STS\"},\"image\":{\"@id\":\"https:\\\/\\\/tierschutz.com\\\/it\\\/#\\\/schema\\\/logo\\\/image\\\/\"},\"sameAs\":[\"https:\\\/\\\/www.facebook.com\\\/schweizertierschutz\\\/\",\"https:\\\/\\\/www.instagram.com\\\/schweizertierschutzsts\\\/\",\"https:\\\/\\\/www.youtube.com\\\/@STS_Tierschutz\",\"https:\\\/\\\/www.linkedin.com\\\/company\\\/schweizertierschutzsts\\\/\"],\"description\":\"Der Schweizer Tierschutz STS ist der Dachverband von 71 Tierschutzorganisationen in allen Sprachregionen der Schweiz und in Liechtenstein. Seine Mitarbeitenden leisten wissenschaftlich fundierte Grundlagenarbeit, setzen sich mit Projekten und Aktionen f\u00fcr den Schutz und das Wohlbefinden von Heim-, Wild-, Nutz- und Versuchstieren ein und sensibilisieren die \u00d6ffentlichkeit f\u00fcr Tierschutzthemen.\",\"email\":\"sts@tierschutz.com\",\"telephone\":\"061 365 99 99\",\"legalName\":\"Schweizer Tierschutz STS\"}]}<\/script>\n<!-- \/ Yoast SEO Premium plugin. -->","yoast_head_json":{"title":"Expositions animales Le monde fascinant des animaux - Schweizer Tierschutz STS","description":"Der Schweizer Tierschutz STS setzt sich f\u00fcr transparente Berichte und Reports ein. Erfahren Sie hier mehr.","robots":{"index":"index","follow":"follow","max-snippet":"max-snippet:-1","max-image-preview":"max-image-preview:large","max-video-preview":"max-video-preview:-1"},"canonical":"https:\/\/mail.schweizer-tierschutz.ch\/fr\/exhibit\/le-monde-fascinant-des-animaux\/","og_locale":"fr_FR","og_type":"article","og_title":"Le monde fascinant des animaux","og_description":"Der Schweizer Tierschutz STS setzt sich f\u00fcr transparente Berichte und Reports ein. Erfahren Sie hier mehr.","og_url":"https:\/\/mail.schweizer-tierschutz.ch\/fr\/exhibit\/le-monde-fascinant-des-animaux\/","og_site_name":"Protection Suisse des Animaux PSA","article_publisher":"https:\/\/www.facebook.com\/schweizertierschutz\/","article_modified_time":"2023-10-09T15:09:32+00:00","og_image":[{"width":979,"height":804,"url":"https:\/\/mail.schweizertierschutz.ch\/app\/uploads\/2023\/10\/Faszinierende-Tierwelt.jpg","type":"image\/jpeg"}],"twitter_card":"summary_large_image","twitter_misc":{"Dur\u00e9e de lecture estim\u00e9e":"2 minutes"},"schema":{"@context":"https:\/\/schema.org","@graph":[{"@type":"WebPage","@id":"https:\/\/mail.schweizer-tierschutz.ch\/fr\/exhibit\/le-monde-fascinant-des-animaux\/","url":"https:\/\/mail.schweizer-tierschutz.ch\/fr\/exhibit\/le-monde-fascinant-des-animaux\/","name":"Expositions animales Le monde fascinant des animaux - Schweizer Tierschutz STS","isPartOf":{"@id":"https:\/\/tierschutz.com\/it\/#website"},"primaryImageOfPage":{"@id":"https:\/\/mail.schweizer-tierschutz.ch\/fr\/exhibit\/le-monde-fascinant-des-animaux\/#primaryimage"},"image":{"@id":"https:\/\/mail.schweizer-tierschutz.ch\/fr\/exhibit\/le-monde-fascinant-des-animaux\/#primaryimage"},"thumbnailUrl":"https:\/\/mail.schweizer-tierschutz.ch\/app\/uploads\/2023\/10\/Faszinierende-Tierwelt.jpg","datePublished":"2020-09-24T14:48:00+00:00","dateModified":"2023-10-09T15:09:32+00:00","description":"Der Schweizer Tierschutz STS setzt sich f\u00fcr transparente Berichte und Reports ein. Erfahren Sie hier mehr.","breadcrumb":{"@id":"https:\/\/mail.schweizer-tierschutz.ch\/fr\/exhibit\/le-monde-fascinant-des-animaux\/#breadcrumb"},"inLanguage":"fr-FR","potentialAction":[{"@type":"ReadAction","target":["https:\/\/mail.schweizer-tierschutz.ch\/fr\/exhibit\/le-monde-fascinant-des-animaux\/"]}]},{"@type":"ImageObject","inLanguage":"fr-FR","@id":"https:\/\/mail.schweizer-tierschutz.ch\/fr\/exhibit\/le-monde-fascinant-des-animaux\/#primaryimage","url":"https:\/\/mail.schweizer-tierschutz.ch\/app\/uploads\/2023\/10\/Faszinierende-Tierwelt.jpg","contentUrl":"https:\/\/mail.schweizer-tierschutz.ch\/app\/uploads\/2023\/10\/Faszinierende-Tierwelt.jpg","width":979,"height":804},{"@type":"BreadcrumbList","@id":"https:\/\/mail.schweizer-tierschutz.ch\/fr\/exhibit\/le-monde-fascinant-des-animaux\/#breadcrumb","itemListElement":[{"@type":"ListItem","position":1,"name":"Page d\u2019accueil","item":"https:\/\/mail.swiss-animal-protection.ch\/fr\/"},{"@type":"ListItem","position":2,"name":"Berichte","item":"https:\/\/mail.schweizer-tierschutz.ch\/fr\/exhibit\/"},{"@type":"ListItem","position":3,"name":"Le monde fascinant des animaux"}]},{"@type":"WebSite","@id":"https:\/\/tierschutz.com\/it\/#website","url":"https:\/\/tierschutz.com\/it\/","name":"tierschutz.com","description":"Wir setzen uns f\u00fcr das Wohl der Tiere ein.","publisher":{"@id":"https:\/\/tierschutz.com\/it\/#organization"},"alternateName":"Schweizer Tierschutz STS","potentialAction":[{"@type":"SearchAction","target":{"@type":"EntryPoint","urlTemplate":"https:\/\/tierschutz.com\/it\/?s={search_term_string}"},"query-input":{"@type":"PropertyValueSpecification","valueRequired":true,"valueName":"search_term_string"}}],"inLanguage":"fr-FR"},{"@type":"Organization","@id":"https:\/\/tierschutz.com\/it\/#organization","name":"Schweizer Tierschutz STS","alternateName":"STS","url":"https:\/\/tierschutz.com\/it\/","logo":{"@type":"ImageObject","inLanguage":"fr-FR","@id":"https:\/\/tierschutz.com\/it\/#\/schema\/logo\/image\/","url":"https:\/\/mail.schweizer-tierschutz.ch\/app\/uploads\/2024\/04\/logo-schweizer-tierschutz-sts-1.svg","contentUrl":"https:\/\/mail.schweizer-tierschutz.ch\/app\/uploads\/2024\/04\/logo-schweizer-tierschutz-sts-1.svg","caption":"Schweizer Tierschutz STS"},"image":{"@id":"https:\/\/tierschutz.com\/it\/#\/schema\/logo\/image\/"},"sameAs":["https:\/\/www.facebook.com\/schweizertierschutz\/","https:\/\/www.instagram.com\/schweizertierschutzsts\/","https:\/\/www.youtube.com\/@STS_Tierschutz","https:\/\/www.linkedin.com\/company\/schweizertierschutzsts\/"],"description":"Der Schweizer Tierschutz STS ist der Dachverband von 71 Tierschutzorganisationen in allen Sprachregionen der Schweiz und in Liechtenstein. Seine Mitarbeitenden leisten wissenschaftlich fundierte Grundlagenarbeit, setzen sich mit Projekten und Aktionen f\u00fcr den Schutz und das Wohlbefinden von Heim-, Wild-, Nutz- und Versuchstieren ein und sensibilisieren die \u00d6ffentlichkeit f\u00fcr Tierschutzthemen.","email":"sts@tierschutz.com","telephone":"061 365 99 99","legalName":"Schweizer Tierschutz STS"}]}},"_links":{"self":[{"href":"https:\/\/mail.schweizer-tierschutz.ch\/fr\/wp-json\/wp\/v2\/exhibit\/11151","targetHints":{"allow":["GET"]}}],"collection":[{"href":"https:\/\/mail.schweizer-tierschutz.ch\/fr\/wp-json\/wp\/v2\/exhibit"}],"about":[{"href":"https:\/\/mail.schweizer-tierschutz.ch\/fr\/wp-json\/wp\/v2\/types\/exhibit"}],"version-history":[{"count":1,"href":"https:\/\/mail.schweizer-tierschutz.ch\/fr\/wp-json\/wp\/v2\/exhibit\/11151\/revisions"}],"predecessor-version":[{"id":11152,"href":"https:\/\/mail.schweizer-tierschutz.ch\/fr\/wp-json\/wp\/v2\/exhibit\/11151\/revisions\/11152"}],"wp:featuredmedia":[{"embeddable":true,"href":"https:\/\/mail.schweizer-tierschutz.ch\/fr\/wp-json\/wp\/v2\/media\/11141"}],"wp:attachment":[{"href":"https:\/\/mail.schweizer-tierschutz.ch\/fr\/wp-json\/wp\/v2\/media?parent=11151"}],"wp:term":[{"taxonomy":"exhibit-category","embeddable":true,"href":"https:\/\/mail.schweizer-tierschutz.ch\/fr\/wp-json\/wp\/v2\/exhibit-category?post=11151"},{"taxonomy":"exhibit-tag","embeddable":true,"href":"https:\/\/mail.schweizer-tierschutz.ch\/fr\/wp-json\/wp\/v2\/exhibit-tag?post=11151"}],"curies":[{"name":"wp","href":"https:\/\/api.w.org\/{rel}","templated":true}]}}