{"id":6147,"date":"2019-08-10T14:57:00","date_gmt":"2019-08-10T12:57:00","guid":{"rendered":"https:\/\/dev.tierschutz.com\/?post_type=exhibit&#038;p=6147"},"modified":"2023-10-04T13:00:47","modified_gmt":"2023-10-04T11:00:47","slug":"marche-concours-saignelegier","status":"publish","type":"exhibit","link":"https:\/\/mail.schweizer-tierschutz.ch\/fr\/exhibit\/marche-concours-saignelegier\/","title":{"rendered":"March\u00e9-Concours Saignel\u00e9gier"},"content":{"rendered":"\n<div class=\"wp-block-cover alignfull is-light\"><span aria-hidden=\"true\" class=\"wp-block-cover__background has-black-background-color has-background-dim-20 has-background-dim\"><\/span><img loading=\"lazy\" decoding=\"async\" width=\"979\" height=\"623\" class=\"wp-block-cover__image-background wp-image-6148\" alt=\"\" src=\"https:\/\/tierschutz.com\/app\/uploads\/2023\/06\/sts-marche-concors.jpg\" data-object-fit=\"cover\" srcset=\"https:\/\/mail.schweizer-tierschutz.ch\/app\/uploads\/2023\/06\/sts-marche-concors.jpg 979w, https:\/\/mail.schweizer-tierschutz.ch\/app\/uploads\/2023\/06\/sts-marche-concors-300x191.jpg 300w, https:\/\/mail.schweizer-tierschutz.ch\/app\/uploads\/2023\/06\/sts-marche-concors-768x489.jpg 768w\" sizes=\"auto, (max-width: 979px) 100vw, 979px\" \/><div class=\"wp-block-cover__inner-container is-layout-flow wp-block-cover-is-layout-flow\">\n<h2 class=\"wp-block-heading has-text-align-center has-background-color has-text-color\"><strong>March\u00e9-Concours Saignel\u00e9gier<\/strong><\/h2>\n<\/div><\/div>\n\n\n\n<div class=\"wp-block-group alignfull has-background-background-color has-background is-layout-constrained wp-block-group-is-layout-constrained\">\n<h1 class=\"wp-block-heading has-text-align-left\"><strong>March\u00e9-Concours Saignel\u00e9gier<\/strong><\/h1>\n\n\n\n<hr class=\"wp-block-separator has-text-color has-primary-color has-alpha-channel-opacity has-primary-background-color has-background\"\/>\n\n\n\n<div class=\"wp-block-group is-content-justification-left is-layout-constrained wp-container-core-group-is-layout-0237ec3c wp-block-group-is-layout-constrained\">\n<p><mark style=\"background-color:rgba(0, 0, 0, 0)\" class=\"has-inline-color has-secondary-color\"><strong>Du 12 au 14 ao\u00fbt 2022, visit\u00e9 le 14 ao\u00fbt 2022<\/strong><\/mark><\/p>\n\n\n\n<p>Bien que le March\u00e9-Concours d\u00e9fende les valeurs de la tradition et qu\u2019il joue un r\u00f4le important pour l\u2019\u00e9levage, la commercialisation et l\u2019utilisation des chevaux de la race des Franches-Montagnes, les conditions de d\u00e9tention des chevaux, en particulier la d\u00e9tention \u00e0 l\u2019attache dans la grande halle ainsi que dans les anciennes \u00e9curies, doivent imp\u00e9rativement s\u2019am\u00e9liorer \u00e0 l\u2019avenir. Durant les trois derni\u00e8res ann\u00e9es \u2013 depuis le dernier March\u00e9 Concours en 2019 \u2013 plusieurs discussions ont eu lieu avec la f\u00e9d\u00e9ration et avec les organisateurs, les attentes \u00e9taient donc d\u2019autant plus \u00e9lev\u00e9es que les mesures d\u2019am\u00e9lioration discut\u00e9es devaient r\u00e9ellement \u00eatre mises en oeuvre. La Protection Suisse des Animaux PSA est tr\u00e8s d\u00e9\u00e7ue de n\u2019avoir pu constater que peu d\u2019am\u00e9liorations, alors que les organisateurs avaient eu trois ans pour planifier et r\u00e9aliser des optimisations.<\/p>\n\n\n\n<p>Pour plus de la moiti\u00e9 des chevaux, les prescriptions l\u00e9gales r\u00e9gissant la taille des boxes n\u2019ont pas \u00e9t\u00e9 respect\u00e9es. Certains boxes ne pr\u00e9sentaient qu\u2019un tiers de la surface minimale impos\u00e9e par l\u2019ordonnance sur la protection des animaux. Lors d\u2019expositions de courte dur\u00e9e, il y a une l\u00e9g\u00e8re tol\u00e9rance concernant les prescriptions en mati\u00e8re de surface, mais pas dans la mesure constat\u00e9e. Ce qui est particuli\u00e8rement grave, c\u2019est que de telles surfaces ont \u00e9t\u00e9 utilis\u00e9es pour deux chevaux, \u00e0 savoir un poulain et sa m\u00e8re. Les poulains et leurs m\u00e8res pouvaient \u00e0 peine se tourner, il leur \u00e9tait pratiquement impossible de se coucher. La PSA estime que cette exigu\u00eft\u00e9 constitue une contrainte tr\u00e8s p\u00e9nible pour les chevaux.<\/p>\n\n\n\n<p>La d\u00e9tention des juments avec leurs poulains dans les boxes en panels \u00e9tait insuffisante et surtout dangereuse pour la sant\u00e9 des animaux. La Protection Suisse des Animaux PSA avait d\u00e9j\u00e0 recommand\u00e9 en 2019 que la partie inf\u00e9rieure \u2013 ou mieux encore jusqu\u2019en haut (protection visuelle envers les chevaux voisins!) \u2013 soit ferm\u00e9e par des planches, afin de r\u00e9duire le risque consid\u00e9rable de blessures pour les poulains, mais aussi pour les juments. Lors de sa visite, la PSA a observ\u00e9 \u00e0 plusieurs reprises des situations tr\u00e8s dangereuses o\u00f9 des chevaux avaient les jambes ou la t\u00eate coinc\u00e9es sous ou entre les tubes m\u00e9talliques.<\/p>\n\n\n\n<p>Les \u00e9quid\u00e9s attach\u00e9s n\u2019avaient aucun moyen de se retirer. De plus, les animaux qui ne se connaissaient pas \u00e9taient beaucoup trop proches les uns des autres, ce qui a cr\u00e9\u00e9 de fr\u00e9quents comportements de d\u00e9fense avec morsures et coups de pied r\u00e9ciproques. Pour de nombreux jeunes chevaux, c\u2019\u00e9tait probablement la premi\u00e8re fois de leur vie qu\u2019ils \u00e9taient attach\u00e9s aussi longtemps. Ce qui est d\u2019autant plus grave, c\u2019est qu\u2019ils pouvaient \u00eatre harcel\u00e9s de tous les c\u00f4t\u00e9s, y compris par les visiteurs, sans aucune possibilit\u00e9 de s\u2019\u00e9chapper. La facult\u00e9 d\u2019adaptation des chevaux a ainsi \u00e9t\u00e9 tr\u00e8s fortement sollicit\u00e9es. La PSA ne comprend toujours pas pourquoi la traditionnelle d\u00e9tention \u00e0 l\u2019attache dans la grande halle continue \u00e0 \u00eatre tol\u00e9r\u00e9e alors qu\u2019aucune possibilit\u00e9 de retrait n\u2019est mise \u00e0 la disposition des chevaux. Ce point est pourtant prescrit par la loi et doit \u00eatre respect\u00e9 \u00e9galement lors d\u2019expositions et de march\u00e9s aux animaux, conform\u00e9ment \u00e0 l\u2019ordonnance sur la protection des animaux. Concernant l\u2019am\u00e9nagement des logements et des enclos ainsi que les conditions climatiques, les expositions ne doivent donc pas \u00eatre en de\u00e7\u00e0 des exigences de l\u2019ordonnance sur la protection des animaux. Lors du March\u00e9-Concours de cette ann\u00e9e, des infractions ont \u00e9t\u00e9 commises en raison de l\u2019absence de possibilit\u00e9s de retrait et de protections visuelles, ainsi que du manque de liti\u00e8re. Les animaux n\u2019avaient pas tous de l\u2019eau et du foin \u00e0 disposition \u2013 et ceux d\u00e9tenus \u00e0 l\u2019attache \u00e9taient trop proches les uns des autres et mis en pr\u00e9sence de cong\u00e9n\u00e8res inconnus, ce qui pr\u00e9sentait des risques importants de blessures pour les humains comme pour les animaux.<\/p>\n\n\n\n<p>Les conditions du March\u00e9-Concours montrent une fois de plus que le comit\u00e9 d\u2019organisation se facilite la t\u00e2che et qu\u2019il ne peut pas transf\u00e9rer enti\u00e8rement la responsabilit\u00e9 de la d\u00e9tention sur les propri\u00e9taires des chevaux. Au contraire, ils ont eux aussi l\u2019obligation de veiller \u00e0 ce que les dispositions l\u00e9gales soient respect\u00e9es et de montrer aux visiteurs une d\u00e9tention moderne et respectueuse des chevaux. Lors de telles manifestations, ils doivent jouer un r\u00f4le de mod\u00e8le et prendre en consid\u00e9ration le bien-\u00eatre des chevaux. Chaque cheval a le droit (inscrit dans la loi) de se retirer des visiteurs, des autres chevaux ainsi qu\u2019au respect d\u2019une distance individuelle par rapport \u00e0 ses cong\u00e9n\u00e8res. De plus, la facult\u00e9 d\u2019adaptation des animaux ne doit pas \u00eatre sollicit\u00e9e de mani\u00e8re excessive. Les violations massives et r\u00e9p\u00e9t\u00e9es de l\u2019ordonnance sur la protection des animaux 17 donnent une nouvelle fois une mauvaise image de l\u2019ensemble de la manifestation, \u00e0 tel point que m\u00eame les exemples positifs constat\u00e9s dans les tentes ext\u00e9rieures et les d\u00e9monstrations r\u00e9ussies, qui \u00e9taient majoritairement exemplaires, ont \u00e9t\u00e9 occult\u00e9s par les aspects n\u00e9gatifs.<\/p>\n\n\n\n<p>La Protection Suisse des Animaux PSA demande aux organisateurs, aux autorit\u00e9s comp\u00e9tentes et aux d\u00e9tenteurs d\u2019animaux de veiller enfin \u00e0 ce que le March\u00e9-Concours offre des conditions de d\u00e9tention modernes, plus respectueuses des animaux et conformes \u00e0 la l\u00e9gislation. Hormis le bien\u00eatre, la s\u00e9curit\u00e9 des chevaux et des visiteurs doit \u00eatre garantie. De plus, le service v\u00e9t\u00e9rinaire cantonal a la responsabilit\u00e9 de d\u00e9noncer les infractions \u00e0 l\u2019ordonnance sur la protection des animaux et de les sanctionner en cons\u00e9quence. Il avait pourtant lui-m\u00eame indiqu\u00e9 en 2019 que les boxes minuscules n\u2019\u00e9taient pas tol\u00e9rables pour les poulains.<\/p>\n\n\n\n<p>Il faut retenir que m\u00eame les traditions ne doivent pas primer sur le bien-\u00eatre des animaux et qu\u2019une d\u00e9tention moderne et respectueuse des chevaux est incontournable si le March\u00e9-Concours veut continuer \u00e0 \u00eatre accept\u00e9 \u00e0 l\u2019avenir tant par les organisations de protection animale que par le grand public, qui se montre toujours plus sensible aux questions du bien-\u00eatre des animaux.<\/p>\n\n\n<div class=\"wp-block-file-wrapper is-pdf\" data-filetype=\"PDF\" data-size=\"2 Mo\">\n<div class=\"wp-block-file\"><a id=\"wp-block-file--media-709f446a-8e51-439f-9d0e-ce40cd1e4c16\" href=\"https:\/\/tierschutz.com\/app\/uploads\/2023\/06\/Marche-Concours_fr.pdf\">Marche-Concours_fr<\/a><a href=\"https:\/\/tierschutz.com\/app\/uploads\/2023\/06\/Marche-Concours_fr.pdf\" class=\"wp-block-file__button wp-element-button\" download aria-describedby=\"wp-block-file--media-709f446a-8e51-439f-9d0e-ce40cd1e4c16\">T\u00e9l\u00e9charger<\/a><\/div>\n<\/div><\/div>\n<\/div>\n","protected":false},"excerpt":{"rendered":"<p>March\u00e9-Concours Saignel\u00e9gier Du 12 au 14 ao\u00fbt 2022, visit\u00e9 le 14 ao\u00fbt 2022 Bien que le March\u00e9-Concours d\u00e9fende les valeurs [&hellip;]<\/p>\n","protected":false},"featured_media":6148,"template":"","meta":{"_acf_changed":false,"inline_featured_image":false,"_vp_format_video_url":"","_vp_image_focal_point":[],"footnotes":""},"exhibit-category":[134],"exhibit-tag":[],"class_list":["post-6147","exhibit","type-exhibit","status-publish","has-post-thumbnail","hentry","exhibit-category-expositions-animales"],"acf":[],"yoast_head":"<!-- This site is optimized with the Yoast SEO Premium plugin v27.4 (Yoast SEO v27.4) - https:\/\/yoast.com\/product\/yoast-seo-premium-wordpress\/ -->\n<title>Expositions animales March\u00e9-Concours Saignel\u00e9gier - Schweizer Tierschutz STS<\/title>\n<meta name=\"description\" content=\"Der Schweizer Tierschutz STS setzt sich f\u00fcr transparente Berichte und Reports ein. Erfahren Sie hier mehr.\" \/>\n<meta name=\"robots\" content=\"index, follow, max-snippet:-1, max-image-preview:large, max-video-preview:-1\" \/>\n<link rel=\"canonical\" href=\"https:\/\/mail.schweizer-tierschutz.ch\/fr\/exhibit\/marche-concours-saignelegier\/\" \/>\n<meta property=\"og:locale\" content=\"fr_FR\" \/>\n<meta property=\"og:type\" content=\"article\" \/>\n<meta property=\"og:title\" content=\"March\u00e9-Concours Saignel\u00e9gier\" \/>\n<meta property=\"og:description\" content=\"Der Schweizer Tierschutz STS setzt sich f\u00fcr transparente Berichte und Reports ein. Erfahren Sie hier mehr.\" \/>\n<meta property=\"og:url\" content=\"https:\/\/mail.schweizer-tierschutz.ch\/fr\/exhibit\/marche-concours-saignelegier\/\" \/>\n<meta property=\"og:site_name\" content=\"Protection Suisse des Animaux PSA\" \/>\n<meta property=\"article:publisher\" content=\"https:\/\/www.facebook.com\/schweizertierschutz\/\" \/>\n<meta property=\"article:modified_time\" content=\"2023-10-04T11:00:47+00:00\" \/>\n<meta property=\"og:image\" content=\"https:\/\/mail.protezione-animali-psa.ch\/app\/uploads\/2023\/06\/sts-marche-concors.jpg\" \/>\n\t<meta property=\"og:image:width\" content=\"979\" \/>\n\t<meta property=\"og:image:height\" content=\"623\" \/>\n\t<meta property=\"og:image:type\" content=\"image\/jpeg\" \/>\n<meta name=\"twitter:card\" content=\"summary_large_image\" \/>\n<meta name=\"twitter:label1\" content=\"Dur\u00e9e de lecture estim\u00e9e\" \/>\n\t<meta name=\"twitter:data1\" content=\"6 minutes\" \/>\n<script type=\"application\/ld+json\" class=\"yoast-schema-graph\">{\"@context\":\"https:\\\/\\\/schema.org\",\"@graph\":[{\"@type\":\"WebPage\",\"@id\":\"https:\\\/\\\/mail.schweizer-tierschutz.ch\\\/fr\\\/exhibit\\\/marche-concours-saignelegier\\\/\",\"url\":\"https:\\\/\\\/mail.schweizer-tierschutz.ch\\\/fr\\\/exhibit\\\/marche-concours-saignelegier\\\/\",\"name\":\"Expositions animales March\u00e9-Concours Saignel\u00e9gier - Schweizer Tierschutz STS\",\"isPartOf\":{\"@id\":\"https:\\\/\\\/mail.protection-animaux-psa.ch\\\/fr\\\/#website\"},\"primaryImageOfPage\":{\"@id\":\"https:\\\/\\\/mail.schweizer-tierschutz.ch\\\/fr\\\/exhibit\\\/marche-concours-saignelegier\\\/#primaryimage\"},\"image\":{\"@id\":\"https:\\\/\\\/mail.schweizer-tierschutz.ch\\\/fr\\\/exhibit\\\/marche-concours-saignelegier\\\/#primaryimage\"},\"thumbnailUrl\":\"https:\\\/\\\/mail.schweizer-tierschutz.ch\\\/app\\\/uploads\\\/2023\\\/06\\\/sts-marche-concors.jpg\",\"datePublished\":\"2019-08-10T12:57:00+00:00\",\"dateModified\":\"2023-10-04T11:00:47+00:00\",\"description\":\"Der Schweizer Tierschutz STS setzt sich f\u00fcr transparente Berichte und Reports ein. Erfahren Sie hier mehr.\",\"breadcrumb\":{\"@id\":\"https:\\\/\\\/mail.schweizer-tierschutz.ch\\\/fr\\\/exhibit\\\/marche-concours-saignelegier\\\/#breadcrumb\"},\"inLanguage\":\"fr-FR\",\"potentialAction\":[{\"@type\":\"ReadAction\",\"target\":[\"https:\\\/\\\/mail.schweizer-tierschutz.ch\\\/fr\\\/exhibit\\\/marche-concours-saignelegier\\\/\"]}]},{\"@type\":\"ImageObject\",\"inLanguage\":\"fr-FR\",\"@id\":\"https:\\\/\\\/mail.schweizer-tierschutz.ch\\\/fr\\\/exhibit\\\/marche-concours-saignelegier\\\/#primaryimage\",\"url\":\"https:\\\/\\\/mail.schweizer-tierschutz.ch\\\/app\\\/uploads\\\/2023\\\/06\\\/sts-marche-concors.jpg\",\"contentUrl\":\"https:\\\/\\\/mail.schweizer-tierschutz.ch\\\/app\\\/uploads\\\/2023\\\/06\\\/sts-marche-concors.jpg\",\"width\":979,\"height\":623},{\"@type\":\"BreadcrumbList\",\"@id\":\"https:\\\/\\\/mail.schweizer-tierschutz.ch\\\/fr\\\/exhibit\\\/marche-concours-saignelegier\\\/#breadcrumb\",\"itemListElement\":[{\"@type\":\"ListItem\",\"position\":1,\"name\":\"Page d\u2019accueil\",\"item\":\"https:\\\/\\\/mail.protection-animaux-psa.ch\\\/fr\\\/\"},{\"@type\":\"ListItem\",\"position\":2,\"name\":\"Berichte\",\"item\":\"https:\\\/\\\/mail.schweizer-tierschutz.ch\\\/fr\\\/exhibit\\\/\"},{\"@type\":\"ListItem\",\"position\":3,\"name\":\"March\u00e9-Concours Saignel\u00e9gier\"}]},{\"@type\":\"WebSite\",\"@id\":\"https:\\\/\\\/mail.protection-animaux-psa.ch\\\/fr\\\/#website\",\"url\":\"https:\\\/\\\/mail.protection-animaux-psa.ch\\\/fr\\\/\",\"name\":\"tierschutz.com\",\"description\":\"Wir setzen uns f\u00fcr das Wohl der Tiere ein.\",\"publisher\":{\"@id\":\"https:\\\/\\\/mail.protection-animaux-psa.ch\\\/fr\\\/#organization\"},\"alternateName\":\"Schweizer Tierschutz STS\",\"potentialAction\":[{\"@type\":\"SearchAction\",\"target\":{\"@type\":\"EntryPoint\",\"urlTemplate\":\"https:\\\/\\\/mail.protection-animaux-psa.ch\\\/fr\\\/?s={search_term_string}\"},\"query-input\":{\"@type\":\"PropertyValueSpecification\",\"valueRequired\":true,\"valueName\":\"search_term_string\"}}],\"inLanguage\":\"fr-FR\"},{\"@type\":\"Organization\",\"@id\":\"https:\\\/\\\/mail.protection-animaux-psa.ch\\\/fr\\\/#organization\",\"name\":\"Schweizer Tierschutz STS\",\"alternateName\":\"STS\",\"url\":\"https:\\\/\\\/mail.protection-animaux-psa.ch\\\/fr\\\/\",\"logo\":{\"@type\":\"ImageObject\",\"inLanguage\":\"fr-FR\",\"@id\":\"https:\\\/\\\/mail.protection-animaux-psa.ch\\\/fr\\\/#\\\/schema\\\/logo\\\/image\\\/\",\"url\":\"https:\\\/\\\/mail.schweizer-tierschutz.ch\\\/app\\\/uploads\\\/2024\\\/04\\\/logo-schweizer-tierschutz-sts-1.svg\",\"contentUrl\":\"https:\\\/\\\/mail.schweizer-tierschutz.ch\\\/app\\\/uploads\\\/2024\\\/04\\\/logo-schweizer-tierschutz-sts-1.svg\",\"caption\":\"Schweizer Tierschutz STS\"},\"image\":{\"@id\":\"https:\\\/\\\/mail.protection-animaux-psa.ch\\\/fr\\\/#\\\/schema\\\/logo\\\/image\\\/\"},\"sameAs\":[\"https:\\\/\\\/www.facebook.com\\\/schweizertierschutz\\\/\",\"https:\\\/\\\/www.instagram.com\\\/schweizertierschutzsts\\\/\",\"https:\\\/\\\/www.youtube.com\\\/@STS_Tierschutz\",\"https:\\\/\\\/www.linkedin.com\\\/company\\\/schweizertierschutzsts\\\/\"],\"description\":\"Der Schweizer Tierschutz STS ist der Dachverband von 71 Tierschutzorganisationen in allen Sprachregionen der Schweiz und in Liechtenstein. Seine Mitarbeitenden leisten wissenschaftlich fundierte Grundlagenarbeit, setzen sich mit Projekten und Aktionen f\u00fcr den Schutz und das Wohlbefinden von Heim-, Wild-, Nutz- und Versuchstieren ein und sensibilisieren die \u00d6ffentlichkeit f\u00fcr Tierschutzthemen.\",\"email\":\"sts@tierschutz.com\",\"telephone\":\"061 365 99 99\",\"legalName\":\"Schweizer Tierschutz STS\"}]}<\/script>\n<!-- \/ Yoast SEO Premium plugin. -->","yoast_head_json":{"title":"Expositions animales March\u00e9-Concours Saignel\u00e9gier - Schweizer Tierschutz STS","description":"Der Schweizer Tierschutz STS setzt sich f\u00fcr transparente Berichte und Reports ein. Erfahren Sie hier mehr.","robots":{"index":"index","follow":"follow","max-snippet":"max-snippet:-1","max-image-preview":"max-image-preview:large","max-video-preview":"max-video-preview:-1"},"canonical":"https:\/\/mail.schweizer-tierschutz.ch\/fr\/exhibit\/marche-concours-saignelegier\/","og_locale":"fr_FR","og_type":"article","og_title":"March\u00e9-Concours Saignel\u00e9gier","og_description":"Der Schweizer Tierschutz STS setzt sich f\u00fcr transparente Berichte und Reports ein. Erfahren Sie hier mehr.","og_url":"https:\/\/mail.schweizer-tierschutz.ch\/fr\/exhibit\/marche-concours-saignelegier\/","og_site_name":"Protection Suisse des Animaux PSA","article_publisher":"https:\/\/www.facebook.com\/schweizertierschutz\/","article_modified_time":"2023-10-04T11:00:47+00:00","og_image":[{"width":979,"height":623,"url":"https:\/\/mail.protezione-animali-psa.ch\/app\/uploads\/2023\/06\/sts-marche-concors.jpg","type":"image\/jpeg"}],"twitter_card":"summary_large_image","twitter_misc":{"Dur\u00e9e de lecture estim\u00e9e":"6 minutes"},"schema":{"@context":"https:\/\/schema.org","@graph":[{"@type":"WebPage","@id":"https:\/\/mail.schweizer-tierschutz.ch\/fr\/exhibit\/marche-concours-saignelegier\/","url":"https:\/\/mail.schweizer-tierschutz.ch\/fr\/exhibit\/marche-concours-saignelegier\/","name":"Expositions animales March\u00e9-Concours Saignel\u00e9gier - Schweizer Tierschutz STS","isPartOf":{"@id":"https:\/\/mail.protection-animaux-psa.ch\/fr\/#website"},"primaryImageOfPage":{"@id":"https:\/\/mail.schweizer-tierschutz.ch\/fr\/exhibit\/marche-concours-saignelegier\/#primaryimage"},"image":{"@id":"https:\/\/mail.schweizer-tierschutz.ch\/fr\/exhibit\/marche-concours-saignelegier\/#primaryimage"},"thumbnailUrl":"https:\/\/mail.schweizer-tierschutz.ch\/app\/uploads\/2023\/06\/sts-marche-concors.jpg","datePublished":"2019-08-10T12:57:00+00:00","dateModified":"2023-10-04T11:00:47+00:00","description":"Der Schweizer Tierschutz STS setzt sich f\u00fcr transparente Berichte und Reports ein. Erfahren Sie hier mehr.","breadcrumb":{"@id":"https:\/\/mail.schweizer-tierschutz.ch\/fr\/exhibit\/marche-concours-saignelegier\/#breadcrumb"},"inLanguage":"fr-FR","potentialAction":[{"@type":"ReadAction","target":["https:\/\/mail.schweizer-tierschutz.ch\/fr\/exhibit\/marche-concours-saignelegier\/"]}]},{"@type":"ImageObject","inLanguage":"fr-FR","@id":"https:\/\/mail.schweizer-tierschutz.ch\/fr\/exhibit\/marche-concours-saignelegier\/#primaryimage","url":"https:\/\/mail.schweizer-tierschutz.ch\/app\/uploads\/2023\/06\/sts-marche-concors.jpg","contentUrl":"https:\/\/mail.schweizer-tierschutz.ch\/app\/uploads\/2023\/06\/sts-marche-concors.jpg","width":979,"height":623},{"@type":"BreadcrumbList","@id":"https:\/\/mail.schweizer-tierschutz.ch\/fr\/exhibit\/marche-concours-saignelegier\/#breadcrumb","itemListElement":[{"@type":"ListItem","position":1,"name":"Page d\u2019accueil","item":"https:\/\/mail.protection-animaux-psa.ch\/fr\/"},{"@type":"ListItem","position":2,"name":"Berichte","item":"https:\/\/mail.schweizer-tierschutz.ch\/fr\/exhibit\/"},{"@type":"ListItem","position":3,"name":"March\u00e9-Concours Saignel\u00e9gier"}]},{"@type":"WebSite","@id":"https:\/\/mail.protection-animaux-psa.ch\/fr\/#website","url":"https:\/\/mail.protection-animaux-psa.ch\/fr\/","name":"tierschutz.com","description":"Wir setzen uns f\u00fcr das Wohl der Tiere ein.","publisher":{"@id":"https:\/\/mail.protection-animaux-psa.ch\/fr\/#organization"},"alternateName":"Schweizer Tierschutz STS","potentialAction":[{"@type":"SearchAction","target":{"@type":"EntryPoint","urlTemplate":"https:\/\/mail.protection-animaux-psa.ch\/fr\/?s={search_term_string}"},"query-input":{"@type":"PropertyValueSpecification","valueRequired":true,"valueName":"search_term_string"}}],"inLanguage":"fr-FR"},{"@type":"Organization","@id":"https:\/\/mail.protection-animaux-psa.ch\/fr\/#organization","name":"Schweizer Tierschutz STS","alternateName":"STS","url":"https:\/\/mail.protection-animaux-psa.ch\/fr\/","logo":{"@type":"ImageObject","inLanguage":"fr-FR","@id":"https:\/\/mail.protection-animaux-psa.ch\/fr\/#\/schema\/logo\/image\/","url":"https:\/\/mail.schweizer-tierschutz.ch\/app\/uploads\/2024\/04\/logo-schweizer-tierschutz-sts-1.svg","contentUrl":"https:\/\/mail.schweizer-tierschutz.ch\/app\/uploads\/2024\/04\/logo-schweizer-tierschutz-sts-1.svg","caption":"Schweizer Tierschutz STS"},"image":{"@id":"https:\/\/mail.protection-animaux-psa.ch\/fr\/#\/schema\/logo\/image\/"},"sameAs":["https:\/\/www.facebook.com\/schweizertierschutz\/","https:\/\/www.instagram.com\/schweizertierschutzsts\/","https:\/\/www.youtube.com\/@STS_Tierschutz","https:\/\/www.linkedin.com\/company\/schweizertierschutzsts\/"],"description":"Der Schweizer Tierschutz STS ist der Dachverband von 71 Tierschutzorganisationen in allen Sprachregionen der Schweiz und in Liechtenstein. Seine Mitarbeitenden leisten wissenschaftlich fundierte Grundlagenarbeit, setzen sich mit Projekten und Aktionen f\u00fcr den Schutz und das Wohlbefinden von Heim-, Wild-, Nutz- und Versuchstieren ein und sensibilisieren die \u00d6ffentlichkeit f\u00fcr Tierschutzthemen.","email":"sts@tierschutz.com","telephone":"061 365 99 99","legalName":"Schweizer Tierschutz STS"}]}},"_links":{"self":[{"href":"https:\/\/mail.schweizer-tierschutz.ch\/fr\/wp-json\/wp\/v2\/exhibit\/6147","targetHints":{"allow":["GET"]}}],"collection":[{"href":"https:\/\/mail.schweizer-tierschutz.ch\/fr\/wp-json\/wp\/v2\/exhibit"}],"about":[{"href":"https:\/\/mail.schweizer-tierschutz.ch\/fr\/wp-json\/wp\/v2\/types\/exhibit"}],"version-history":[{"count":1,"href":"https:\/\/mail.schweizer-tierschutz.ch\/fr\/wp-json\/wp\/v2\/exhibit\/6147\/revisions"}],"predecessor-version":[{"id":6154,"href":"https:\/\/mail.schweizer-tierschutz.ch\/fr\/wp-json\/wp\/v2\/exhibit\/6147\/revisions\/6154"}],"wp:featuredmedia":[{"embeddable":true,"href":"https:\/\/mail.schweizer-tierschutz.ch\/fr\/wp-json\/wp\/v2\/media\/6148"}],"wp:attachment":[{"href":"https:\/\/mail.schweizer-tierschutz.ch\/fr\/wp-json\/wp\/v2\/media?parent=6147"}],"wp:term":[{"taxonomy":"exhibit-category","embeddable":true,"href":"https:\/\/mail.schweizer-tierschutz.ch\/fr\/wp-json\/wp\/v2\/exhibit-category?post=6147"},{"taxonomy":"exhibit-tag","embeddable":true,"href":"https:\/\/mail.schweizer-tierschutz.ch\/fr\/wp-json\/wp\/v2\/exhibit-tag?post=6147"}],"curies":[{"name":"wp","href":"https:\/\/api.w.org\/{rel}","templated":true}]}}